{"id":3848,"date":"2025-07-17T17:03:48","date_gmt":"2025-07-17T15:03:48","guid":{"rendered":"https:\/\/nuit-des-ours.com\/?page_id=3848"},"modified":"2026-01-05T16:00:44","modified_gmt":"2026-01-05T15:00:44","slug":"editorial-la-nuit-des-ours-2025","status":"publish","type":"page","link":"https:\/\/lanuitdesours.lautre.net\/","title":{"rendered":"Editorial"},"content":{"rendered":"\n<p class=\"wp-block-paragraph\"><strong>&#8211; EDITORIAL 2025 &#8211; <\/strong><\/p>\n\n\n\n<div class=\"wp-block-columns is-layout-flex wp-container-core-columns-is-layout-8f761849 wp-block-columns-is-layout-flex\">\n<div class=\"wp-block-column is-layout-flow wp-block-column-is-layout-flow\">\n<h2 class=\"wp-block-heading\"><strong>Et si nous vivions un moment essentiel de l\u2019histoire humaine ?<\/strong><\/h2>\n\n\n\n<p class=\"wp-block-paragraph\">L\u2019alerte est g\u00e9n\u00e9rale et les \u00ab lanceurs\/euses \u00bb ne savent plus o\u00f9 donner de la t\u00eate. Et nous qui \u00e9coutons, lisons, soutenons, manifestons, \u00e9crivons, votons\u2026 non plus !<\/p>\n\n\n\n<blockquote class=\"wp-block-quote is-layout-flow wp-block-quote-is-layout-flow\">\n<p class=\"wp-block-paragraph\">\u00ab Si je dois mourir,<br>tu dois vivre <br>et raconter mon histoire (&#8230;)<br>Si je dois mourir, <br>que cela ram\u00e8ne l\u2019espoir ;<br>que cela devienne un conte. \u00bb<\/p>\n<\/blockquote>\n\n\n\n<p class=\"wp-block-paragraph\">Cet extrait du po\u00e8me lanc\u00e9 au monde par le po\u00e8te palestinien Refaat Alareer, une semaine avant qu\u2019il ne soit tu\u00e9 le 7 d\u00e9cembre 2023 nous a boulevers\u00e9s.<br>Il inspire ce programme.<\/p>\n\n\n\n<p class=\"wp-block-paragraph\"><\/p>\n<\/div>\n\n\n\n<div class=\"wp-block-column is-vertically-aligned-center is-layout-flow wp-block-column-is-layout-flow\"><div class=\"wp-block-image\">\n<figure class=\"aligncenter size-large\"><img loading=\"lazy\" decoding=\"async\" width=\"837\" height=\"1024\" src=\"https:\/\/nuit-des-ours.com\/wp-content\/uploads\/2025\/07\/Screenshot-2025-07-14-at-16.02.53-837x1024.jpg\" alt=\"\" class=\"wp-image-3852\" srcset=\"https:\/\/lanuitdesours.lautre.net\/wp-content\/uploads\/2025\/07\/Screenshot-2025-07-14-at-16.02.53-837x1024.jpg 837w, https:\/\/lanuitdesours.lautre.net\/wp-content\/uploads\/2025\/07\/Screenshot-2025-07-14-at-16.02.53-245x300.jpg 245w, https:\/\/lanuitdesours.lautre.net\/wp-content\/uploads\/2025\/07\/Screenshot-2025-07-14-at-16.02.53-768x939.jpg 768w, https:\/\/lanuitdesours.lautre.net\/wp-content\/uploads\/2025\/07\/Screenshot-2025-07-14-at-16.02.53-1256x1536.jpg 1256w, https:\/\/lanuitdesours.lautre.net\/wp-content\/uploads\/2025\/07\/Screenshot-2025-07-14-at-16.02.53.jpg 1472w\" sizes=\"auto, (max-width: 837px) 100vw, 837px\" \/><figcaption class=\"wp-element-caption\"><em>\u00a9 Dr Mariam Abdul Sattar Kurd @palette.in.my.hand<\/em><\/figcaption><\/figure>\n<\/div><\/div>\n<\/div>\n\n\n\n<h2 class=\"wp-block-heading\"><br><strong>\u00ab Cr\u00e9er c\u2019est r\u00e9sister, r\u00e9sister c\u2019est cr\u00e9er. \u00bb<\/strong><\/h2>\n\n\n\n<p class=\"wp-block-paragraph\">Plus que jamais l\u2019Appel du Conseil National de la R\u00e9sistance &#8211; auquel <strong>LA NUIT DES OURS<\/strong> tente de r\u00e9pondre chaque ann\u00e9e depuis 2019 &#8211; nous oblige.<\/p>\n\n\n\n<p class=\"wp-block-paragraph\">Comment r\u00e9sister lorsque nos armes sont des chants, des gestes, des mots, des danses, des silences ? Les artistes sont essentiellement non-violents bien qu\u2019ils\/elles hurlent leur col\u00e8re, leur r\u00e9volte, leur folie et m\u00eame leur mort quand il n\u2019y a pas d\u2019autre issue. Les artistes ne cessent pas de produire : \u00ab bon qu\u2019\u00e0 \u00e7a \u00bb disait Samuel Beckett.<\/p>\n\n\n\n<p class=\"wp-block-paragraph\">Dans Gaza aujourd\u2019hui, un sculpteur qui ne dispose plus que d\u2019une grosse boule de terre glaise sculpte chaque jour un visage qu\u2019il d\u00e9truit le soir venu pour se resservir de cette m\u00eame terre le lendemain, faire un nouveau visage et \u00e7a depuis 700 jours. Lui &#8211; comme tous les gazaouis &#8211; est prisonnier de l\u2019occupation mais son message nous parvient et r\u00e9sonne en nous plus fort que jamais, \u00e0 la mani\u00e8re de l\u2019eau qui, malgr\u00e9 les obstacles qui s\u2019imposent \u00e0 son cours, parvient toujours \u00e0 s\u2019\u00e9chapper. <strong><a href=\"https:\/\/nuit-des-ours.com\/la-biennale-de-gaza\/\">LA BIENNALE DE GAZA<\/a> <\/strong>dont nous accueillons \u00ab le pavillon fran\u00e7ais \u00bb transpose des \u0153uvres qui s\u2019inventent l\u00e0 bas et que nous r\u00e9alisons ici (<a href=\"https:\/\/www.helloasso.com\/associations\/la-nuit-des-ours\/collectes\/biennale-de-gaza\"><strong>nous avons besoin de votre soutien pour financer ce projet de fa\u00e7on ind\u00e9pendante<\/strong><\/a>).<\/p>\n\n\n\n<div class=\"wp-block-columns is-layout-flex wp-container-core-columns-is-layout-8f761849 wp-block-columns-is-layout-flex\">\n<div class=\"wp-block-column is-vertically-aligned-center is-layout-flow wp-block-column-is-layout-flow\"><div class=\"wp-block-image\">\n<figure class=\"aligncenter size-large\"><img loading=\"lazy\" decoding=\"async\" width=\"768\" height=\"1024\" src=\"https:\/\/nuit-des-ours.com\/wp-content\/uploads\/2025\/07\/4_Yumi_montenvers-768x1024.jpg\" alt=\"\" class=\"wp-image-3849\" srcset=\"https:\/\/lanuitdesours.lautre.net\/wp-content\/uploads\/2025\/07\/4_Yumi_montenvers-768x1024.jpg 768w, https:\/\/lanuitdesours.lautre.net\/wp-content\/uploads\/2025\/07\/4_Yumi_montenvers-225x300.jpg 225w, https:\/\/lanuitdesours.lautre.net\/wp-content\/uploads\/2025\/07\/4_Yumi_montenvers-1152x1536.jpg 1152w, https:\/\/lanuitdesours.lautre.net\/wp-content\/uploads\/2025\/07\/4_Yumi_montenvers-1536x2048.jpg 1536w, https:\/\/lanuitdesours.lautre.net\/wp-content\/uploads\/2025\/07\/4_Yumi_montenvers-scaled.jpg 1920w\" sizes=\"auto, (max-width: 768px) 100vw, 768px\" \/><figcaption class=\"wp-element-caption\"><em>La mer de glace en disparition, vue depuis le t\u00e9l\u00e9cabine du Montenvers, 18 juin 2025 <em>\u00a9 <\/em>Yumi C\u00e9lia<\/em><\/figcaption><\/figure>\n<\/div><\/div>\n\n\n\n<div class=\"wp-block-column is-layout-flow wp-block-column-is-layout-flow\">\n<p class=\"wp-block-paragraph\">Vallorcine est terre d\u2019accueil, de d\u00e9part et de passage. L\u2019\u00e9pop\u00e9e du couple juif allemand Halbreich, de Berlin \u00e0 Vallorcine durant la derni\u00e8re guerre mondiale, se termina tragiquement dans le froid glacial de la nuit du 29 septembre 1942 \u00e0 Tr\u00e9-les-Eaux. Cette marche tragique contre \u00ab les \u00e9l\u00e9ments \u00bb rappelle \u00e0 quel point \u00ab la nature \u00bb est implacable. Un des petits-enfants, musicien, sera l\u00e0 le 6 ao\u00fbt \u00e0 l\u2019H\u00f4tel du Buet dont la propri\u00e9taire fut nomm\u00e9e \u00ab Juste \u00bb.<\/p>\n\n\n\n<p class=\"wp-block-paragraph\">Une centaine de rendez-vous de ce niveau-l\u00e0 vous sont propos\u00e9s en 8 jours. C\u2019est notre r\u00e9ponse \u00e0 l\u2019enferment psychique, culturel, sportif et touristique de masse auquel on refuse de se soumettre. Plut\u00f4t que d\u2019\u00eatre des milliers serr\u00e9s devant une sc\u00e8ne, nous proposons l\u2019\u00e9clatement de l\u2019\u0153uvre en autant d\u2019\u00e9clats \u00e9parpill\u00e9s dans cette vall\u00e9e que nous ch\u00e9rissons mais qui souffre atrocement comme en t\u00e9moigne cette photo.<\/p>\n\n\n\n<p class=\"wp-block-paragraph\">Trouvez dans ce programme votre joie de vivre et de partager.<br><strong>\u00ab Le vent se l\u00e8ve, il faut tenter de vivre. \u00bb<\/strong> Paul Val\u00e9ry<\/p>\n\n\n\n<p class=\"wp-block-paragraph\">Bruno Boussagol<br>Directeur Artistique<\/p>\n\n\n\n<div style=\"height:50px\" aria-hidden=\"true\" class=\"wp-block-spacer\"><\/div>\n<\/div>\n<\/div>\n\n\n\n<p class=\"wp-block-paragraph\"><\/p>\n","protected":false},"excerpt":{"rendered":"<p>&#8211; EDITORIAL 2025 &#8211; Et si nous vivions un moment essentiel de l\u2019histoire humaine ? L\u2019alerte est g\u00e9n\u00e9rale et les \u00ab lanceurs\/euses \u00bb ne savent &hellip;<\/p>\n","protected":false},"author":1,"featured_media":0,"parent":0,"menu_order":0,"comment_status":"closed","ping_status":"closed","template":"","meta":{"footnotes":""},"class_list":["post-3848","page","type-page","status-publish","hentry"],"yoast_head":"<!-- This site is optimized with the Yoast SEO plugin v28.3 - https:\/\/yoast.com\/product\/yoast-seo-wordpress\/ -->\n<title>Editorial - La Nuit des Ours 2025<\/title>\n<meta name=\"description\" content=\"Et si nous vivions un moment essentiel de l\u2019histoire humaine ? Plus que jamais en 2025, LA NUIT DES OURS tente de r\u00e9pondre \u00e0 l\u2019Appel du Conseil National de la R\u00e9sistance (1944) : \u00ab Cr\u00e9er c\u2019est r\u00e9sister, r\u00e9sister c\u2019est cr\u00e9er. \u00bb\" \/>\n<meta name=\"robots\" content=\"index, follow, max-snippet:-1, max-image-preview:large, max-video-preview:-1\" \/>\n<link rel=\"canonical\" href=\"https:\/\/lanuitdesours.lautre.net\/\" \/>\n<meta property=\"og:locale\" content=\"fr_FR\" \/>\n<meta property=\"og:type\" content=\"article\" \/>\n<meta property=\"og:title\" content=\"Editorial - La Nuit des Ours 2025\" \/>\n<meta property=\"og:description\" content=\"Et si nous vivions un moment essentiel de l\u2019histoire humaine ? Plus que jamais en 2025, LA NUIT DES OURS tente de r\u00e9pondre \u00e0 l\u2019Appel du Conseil National de la R\u00e9sistance (1944) : \u00ab Cr\u00e9er c\u2019est r\u00e9sister, r\u00e9sister c\u2019est cr\u00e9er. \u00bb\" \/>\n<meta property=\"og:url\" content=\"https:\/\/lanuitdesours.lautre.net\/\" \/>\n<meta property=\"og:site_name\" content=\"La Nuit des Ours\" \/>\n<meta property=\"article:publisher\" content=\"https:\/\/www.facebook.com\/lanuitdesours\/\" \/>\n<meta property=\"article:modified_time\" content=\"2026-01-05T15:00:44+00:00\" \/>\n<meta property=\"og:image\" content=\"https:\/\/nuit-des-ours.com\/wp-content\/uploads\/2025\/07\/Screenshot-2025-07-14-at-16.02.53-837x1024.jpg\" \/>\n<meta name=\"twitter:card\" content=\"summary_large_image\" \/>\n<meta name=\"twitter:label1\" content=\"Dur\u00e9e de lecture estim\u00e9e\" \/>\n\t<meta name=\"twitter:data1\" content=\"3 minutes\" \/>\n<script type=\"application\/ld+json\" class=\"yoast-schema-graph\">{\"@context\":\"https:\\\/\\\/schema.org\",\"@graph\":[{\"@type\":\"WebPage\",\"@id\":\"https:\\\/\\\/lanuitdesours.lautre.net\\\/\",\"url\":\"https:\\\/\\\/lanuitdesours.lautre.net\\\/\",\"name\":\"Editorial - La Nuit des Ours 2025\",\"isPartOf\":{\"@id\":\"https:\\\/\\\/lanuitdesours.lautre.net\\\/#website\"},\"primaryImageOfPage\":{\"@id\":\"https:\\\/\\\/lanuitdesours.lautre.net\\\/#primaryimage\"},\"image\":{\"@id\":\"https:\\\/\\\/lanuitdesours.lautre.net\\\/#primaryimage\"},\"thumbnailUrl\":\"https:\\\/\\\/nuit-des-ours.com\\\/wp-content\\\/uploads\\\/2025\\\/07\\\/Screenshot-2025-07-14-at-16.02.53-837x1024.jpg\",\"datePublished\":\"2025-07-17T15:03:48+00:00\",\"dateModified\":\"2026-01-05T15:00:44+00:00\",\"description\":\"Et si nous vivions un moment essentiel de l\u2019histoire humaine ? Plus que jamais en 2025, LA NUIT DES OURS tente de r\u00e9pondre \u00e0 l\u2019Appel du Conseil National de la R\u00e9sistance (1944) : \u00ab Cr\u00e9er c\u2019est r\u00e9sister, r\u00e9sister c\u2019est cr\u00e9er. \u00bb\",\"breadcrumb\":{\"@id\":\"https:\\\/\\\/lanuitdesours.lautre.net\\\/#breadcrumb\"},\"inLanguage\":\"fr-FR\",\"potentialAction\":[{\"@type\":\"ReadAction\",\"target\":[\"https:\\\/\\\/lanuitdesours.lautre.net\\\/\"]}]},{\"@type\":\"ImageObject\",\"inLanguage\":\"fr-FR\",\"@id\":\"https:\\\/\\\/lanuitdesours.lautre.net\\\/#primaryimage\",\"url\":\"https:\\\/\\\/nuit-des-ours.com\\\/wp-content\\\/uploads\\\/2025\\\/07\\\/Screenshot-2025-07-14-at-16.02.53-837x1024.jpg\",\"contentUrl\":\"https:\\\/\\\/nuit-des-ours.com\\\/wp-content\\\/uploads\\\/2025\\\/07\\\/Screenshot-2025-07-14-at-16.02.53-837x1024.jpg\"},{\"@type\":\"BreadcrumbList\",\"@id\":\"https:\\\/\\\/lanuitdesours.lautre.net\\\/#breadcrumb\",\"itemListElement\":[{\"@type\":\"ListItem\",\"position\":1,\"name\":\"Accueil\",\"item\":\"https:\\\/\\\/lanuitdesours.lautre.net\\\/\"},{\"@type\":\"ListItem\",\"position\":2,\"name\":\"Editorial\"}]},{\"@type\":\"WebSite\",\"@id\":\"https:\\\/\\\/lanuitdesours.lautre.net\\\/#website\",\"url\":\"https:\\\/\\\/lanuitdesours.lautre.net\\\/\",\"name\":\"La Nuit des Ours\",\"description\":\"CR\u00c9ER C&#039;EST R\u00c9SISTER | R\u00c9SISTER C&#039;EST CR\u00c9ER\",\"publisher\":{\"@id\":\"https:\\\/\\\/lanuitdesours.lautre.net\\\/#organization\"},\"potentialAction\":[{\"@type\":\"SearchAction\",\"target\":{\"@type\":\"EntryPoint\",\"urlTemplate\":\"https:\\\/\\\/lanuitdesours.lautre.net\\\/?s={search_term_string}\"},\"query-input\":{\"@type\":\"PropertyValueSpecification\",\"valueRequired\":true,\"valueName\":\"search_term_string\"}}],\"inLanguage\":\"fr-FR\"},{\"@type\":\"Organization\",\"@id\":\"https:\\\/\\\/lanuitdesours.lautre.net\\\/#organization\",\"name\":\"Association LA NUIT DES OURS\",\"url\":\"https:\\\/\\\/lanuitdesours.lautre.net\\\/\",\"logo\":{\"@type\":\"ImageObject\",\"inLanguage\":\"fr-FR\",\"@id\":\"https:\\\/\\\/lanuitdesours.lautre.net\\\/#\\\/schema\\\/logo\\\/image\\\/\",\"url\":\"https:\\\/\\\/nuit-des-ours.com\\\/wp-content\\\/uploads\\\/2022\\\/07\\\/cropped-NDO_logo-noir_jaune.jpg\",\"contentUrl\":\"https:\\\/\\\/nuit-des-ours.com\\\/wp-content\\\/uploads\\\/2022\\\/07\\\/cropped-NDO_logo-noir_jaune.jpg\",\"width\":512,\"height\":512,\"caption\":\"Association LA NUIT DES OURS\"},\"image\":{\"@id\":\"https:\\\/\\\/lanuitdesours.lautre.net\\\/#\\\/schema\\\/logo\\\/image\\\/\"},\"sameAs\":[\"https:\\\/\\\/www.facebook.com\\\/lanuitdesours\\\/\",\"https:\\\/\\\/www.instagram.com\\\/lanuitdesours\\\/\"]}]}<\/script>\n<!-- \/ Yoast SEO plugin. -->","yoast_head_json":{"title":"Editorial - La Nuit des Ours 2025","description":"Et si nous vivions un moment essentiel de l\u2019histoire humaine ? Plus que jamais en 2025, LA NUIT DES OURS tente de r\u00e9pondre \u00e0 l\u2019Appel du Conseil National de la R\u00e9sistance (1944) : \u00ab Cr\u00e9er c\u2019est r\u00e9sister, r\u00e9sister c\u2019est cr\u00e9er. \u00bb","robots":{"index":"index","follow":"follow","max-snippet":"max-snippet:-1","max-image-preview":"max-image-preview:large","max-video-preview":"max-video-preview:-1"},"canonical":"https:\/\/lanuitdesours.lautre.net\/","og_locale":"fr_FR","og_type":"article","og_title":"Editorial - La Nuit des Ours 2025","og_description":"Et si nous vivions un moment essentiel de l\u2019histoire humaine ? Plus que jamais en 2025, LA NUIT DES OURS tente de r\u00e9pondre \u00e0 l\u2019Appel du Conseil National de la R\u00e9sistance (1944) : \u00ab Cr\u00e9er c\u2019est r\u00e9sister, r\u00e9sister c\u2019est cr\u00e9er. \u00bb","og_url":"https:\/\/lanuitdesours.lautre.net\/","og_site_name":"La Nuit des Ours","article_publisher":"https:\/\/www.facebook.com\/lanuitdesours\/","article_modified_time":"2026-01-05T15:00:44+00:00","og_image":[{"url":"https:\/\/nuit-des-ours.com\/wp-content\/uploads\/2025\/07\/Screenshot-2025-07-14-at-16.02.53-837x1024.jpg","type":"","width":"","height":""}],"twitter_card":"summary_large_image","twitter_misc":{"Dur\u00e9e de lecture estim\u00e9e":"3 minutes"},"schema":{"@context":"https:\/\/schema.org","@graph":[{"@type":"WebPage","@id":"https:\/\/lanuitdesours.lautre.net\/","url":"https:\/\/lanuitdesours.lautre.net\/","name":"Editorial - La Nuit des Ours 2025","isPartOf":{"@id":"https:\/\/lanuitdesours.lautre.net\/#website"},"primaryImageOfPage":{"@id":"https:\/\/lanuitdesours.lautre.net\/#primaryimage"},"image":{"@id":"https:\/\/lanuitdesours.lautre.net\/#primaryimage"},"thumbnailUrl":"https:\/\/nuit-des-ours.com\/wp-content\/uploads\/2025\/07\/Screenshot-2025-07-14-at-16.02.53-837x1024.jpg","datePublished":"2025-07-17T15:03:48+00:00","dateModified":"2026-01-05T15:00:44+00:00","description":"Et si nous vivions un moment essentiel de l\u2019histoire humaine ? Plus que jamais en 2025, LA NUIT DES OURS tente de r\u00e9pondre \u00e0 l\u2019Appel du Conseil National de la R\u00e9sistance (1944) : \u00ab Cr\u00e9er c\u2019est r\u00e9sister, r\u00e9sister c\u2019est cr\u00e9er. \u00bb","breadcrumb":{"@id":"https:\/\/lanuitdesours.lautre.net\/#breadcrumb"},"inLanguage":"fr-FR","potentialAction":[{"@type":"ReadAction","target":["https:\/\/lanuitdesours.lautre.net\/"]}]},{"@type":"ImageObject","inLanguage":"fr-FR","@id":"https:\/\/lanuitdesours.lautre.net\/#primaryimage","url":"https:\/\/nuit-des-ours.com\/wp-content\/uploads\/2025\/07\/Screenshot-2025-07-14-at-16.02.53-837x1024.jpg","contentUrl":"https:\/\/nuit-des-ours.com\/wp-content\/uploads\/2025\/07\/Screenshot-2025-07-14-at-16.02.53-837x1024.jpg"},{"@type":"BreadcrumbList","@id":"https:\/\/lanuitdesours.lautre.net\/#breadcrumb","itemListElement":[{"@type":"ListItem","position":1,"name":"Accueil","item":"https:\/\/lanuitdesours.lautre.net\/"},{"@type":"ListItem","position":2,"name":"Editorial"}]},{"@type":"WebSite","@id":"https:\/\/lanuitdesours.lautre.net\/#website","url":"https:\/\/lanuitdesours.lautre.net\/","name":"La Nuit des Ours","description":"CR\u00c9ER C&#039;EST R\u00c9SISTER | R\u00c9SISTER C&#039;EST CR\u00c9ER","publisher":{"@id":"https:\/\/lanuitdesours.lautre.net\/#organization"},"potentialAction":[{"@type":"SearchAction","target":{"@type":"EntryPoint","urlTemplate":"https:\/\/lanuitdesours.lautre.net\/?s={search_term_string}"},"query-input":{"@type":"PropertyValueSpecification","valueRequired":true,"valueName":"search_term_string"}}],"inLanguage":"fr-FR"},{"@type":"Organization","@id":"https:\/\/lanuitdesours.lautre.net\/#organization","name":"Association LA NUIT DES OURS","url":"https:\/\/lanuitdesours.lautre.net\/","logo":{"@type":"ImageObject","inLanguage":"fr-FR","@id":"https:\/\/lanuitdesours.lautre.net\/#\/schema\/logo\/image\/","url":"https:\/\/nuit-des-ours.com\/wp-content\/uploads\/2022\/07\/cropped-NDO_logo-noir_jaune.jpg","contentUrl":"https:\/\/nuit-des-ours.com\/wp-content\/uploads\/2022\/07\/cropped-NDO_logo-noir_jaune.jpg","width":512,"height":512,"caption":"Association LA NUIT DES OURS"},"image":{"@id":"https:\/\/lanuitdesours.lautre.net\/#\/schema\/logo\/image\/"},"sameAs":["https:\/\/www.facebook.com\/lanuitdesours\/","https:\/\/www.instagram.com\/lanuitdesours\/"]}]}},"_links":{"self":[{"href":"https:\/\/lanuitdesours.lautre.net\/index.php?rest_route=\/wp\/v2\/pages\/3848","targetHints":{"allow":["GET"]}}],"collection":[{"href":"https:\/\/lanuitdesours.lautre.net\/index.php?rest_route=\/wp\/v2\/pages"}],"about":[{"href":"https:\/\/lanuitdesours.lautre.net\/index.php?rest_route=\/wp\/v2\/types\/page"}],"author":[{"embeddable":true,"href":"https:\/\/lanuitdesours.lautre.net\/index.php?rest_route=\/wp\/v2\/users\/1"}],"replies":[{"embeddable":true,"href":"https:\/\/lanuitdesours.lautre.net\/index.php?rest_route=%2Fwp%2Fv2%2Fcomments&post=3848"}],"version-history":[{"count":24,"href":"https:\/\/lanuitdesours.lautre.net\/index.php?rest_route=\/wp\/v2\/pages\/3848\/revisions"}],"predecessor-version":[{"id":4487,"href":"https:\/\/lanuitdesours.lautre.net\/index.php?rest_route=\/wp\/v2\/pages\/3848\/revisions\/4487"}],"wp:attachment":[{"href":"https:\/\/lanuitdesours.lautre.net\/index.php?rest_route=%2Fwp%2Fv2%2Fmedia&parent=3848"}],"curies":[{"name":"wp","href":"https:\/\/api.w.org\/{rel}","templated":true}]}}