{"id":2541,"date":"2023-07-20T00:59:20","date_gmt":"2023-07-19T22:59:20","guid":{"rendered":"https:\/\/nuit-des-ours.com\/?page_id=2541"},"modified":"2023-07-20T03:53:34","modified_gmt":"2023-07-20T01:53:34","slug":"venez-avec-le-mont-blanc-express","status":"publish","type":"page","link":"https:\/\/lanuitdesours.lautre.net\/?page_id=2541","title":{"rendered":"Venez avec le Mont-Blanc Express !"},"content":{"rendered":"\n<h1 class=\"wp-block-heading has-text-align-center\">Comment se rendre \u00e0 la Nuit des Ours ?<\/h1>\n\n\n\n<div style=\"height:50px\" aria-hidden=\"true\" class=\"wp-block-spacer\"><\/div>\n\n\n\n<div class=\"wp-block-columns is-layout-flex wp-container-core-columns-is-layout-8f761849 wp-block-columns-is-layout-flex\">\n<div class=\"wp-block-column is-vertically-aligned-top is-layout-flow wp-block-column-is-layout-flow\">\n<div class=\"wp-block-group\"><div class=\"wp-block-group__inner-container is-layout-constrained wp-block-group-is-layout-constrained\">\n<p class=\"has-text-align-center has-background wp-block-paragraph\" style=\"background-color:#f8ecf8;font-size:18px\"><mark style=\"background-color:rgba(0, 0, 0, 0)\" class=\"has-inline-color has-accent-1-color\"><strong>UTILISEZ LE MONT-BLANC EXPRESS !<\/strong><\/mark><br><strong>Allers\/retours possibles <br>depuis (et vers) Les Houches et Martigny<\/strong><br>(via les vall\u00e9es de Chamonix et du Trient)<\/p>\n\n\n\n<div style=\"height:50px\" aria-hidden=\"true\" class=\"wp-block-spacer\"><\/div>\n\n\n<div class=\"wp-block-image\">\n<figure class=\"aligncenter size-medium\"><img loading=\"lazy\" decoding=\"async\" width=\"300\" height=\"76\" src=\"https:\/\/nuit-des-ours.com\/wp-content\/uploads\/2023\/07\/SNCF-Mont-blanc-express-transparent-300x76.png\" alt=\"\" class=\"wp-image-2559\" srcset=\"https:\/\/lanuitdesours.lautre.net\/wp-content\/uploads\/2023\/07\/SNCF-Mont-blanc-express-transparent-300x76.png 300w, https:\/\/lanuitdesours.lautre.net\/wp-content\/uploads\/2023\/07\/SNCF-Mont-blanc-express-transparent-1024x259.png 1024w, https:\/\/lanuitdesours.lautre.net\/wp-content\/uploads\/2023\/07\/SNCF-Mont-blanc-express-transparent-768x194.png 768w, https:\/\/lanuitdesours.lautre.net\/wp-content\/uploads\/2023\/07\/SNCF-Mont-blanc-express-transparent-496x126.png 496w, https:\/\/lanuitdesours.lautre.net\/wp-content\/uploads\/2023\/07\/SNCF-Mont-blanc-express-transparent.png 1398w\" sizes=\"auto, (max-width: 300px) 100vw, 300px\" \/><\/figure>\n<\/div>\n\n\n<div style=\"height:50px\" aria-hidden=\"true\" class=\"wp-block-spacer\"><\/div>\n<\/div><\/div>\n<\/div>\n\n\n\n<div class=\"wp-block-column is-vertically-aligned-top is-layout-flow wp-block-column-is-layout-flow\">\n<figure class=\"wp-block-image size-full\"><img loading=\"lazy\" decoding=\"async\" width=\"1024\" height=\"768\" src=\"https:\/\/nuit-des-ours.com\/wp-content\/uploads\/2023\/07\/Mont-Blanc-Express-2.jpeg\" alt=\"\" class=\"wp-image-2567\" srcset=\"https:\/\/lanuitdesours.lautre.net\/wp-content\/uploads\/2023\/07\/Mont-Blanc-Express-2.jpeg 1024w, https:\/\/lanuitdesours.lautre.net\/wp-content\/uploads\/2023\/07\/Mont-Blanc-Express-2-300x225.jpeg 300w, https:\/\/lanuitdesours.lautre.net\/wp-content\/uploads\/2023\/07\/Mont-Blanc-Express-2-768x576.jpeg 768w, https:\/\/lanuitdesours.lautre.net\/wp-content\/uploads\/2023\/07\/Mont-Blanc-Express-2-400x300.jpeg 400w\" sizes=\"auto, (max-width: 1024px) 100vw, 1024px\" \/><\/figure>\n<\/div>\n<\/div>\n\n\n\n<p class=\"wp-block-paragraph\"><strong>Le Mont-Blanc Express est le trait d\u2019union entre la Suisse et la France.<\/strong><\/p>\n\n\n\n<p class=\"wp-block-paragraph\"><mark style=\"background-color:rgba(0, 0, 0, 0)\" class=\"has-inline-color has-accent-1-color\"><strong>Cette ann\u00e9e, la R\u00e9gion Auvergne Rh\u00f4ne Alpes et TMR ont souhait\u00e9 s\u2019associer \u00e0 la Nuit des Ours pour proposer des trains suppl\u00e9mentaires afin de garantir un acc\u00e8s et un retour en toute s\u00e9r\u00e9nit\u00e9 pour les visiteurs de la manifestation. <\/strong><\/mark><\/p>\n\n\n\n<p class=\"wp-block-paragraph\">Ce train de l\u00e9gende relie Martigny \u00e0 St-Gervais en passant par la Vall\u00e9e du Trient et celle de Chamonix. Depuis le d\u00e9but du 20\u00e8me si\u00e8cle, il offre \u00e0 ses passagers un voyage au c\u0153ur de la nature, avec des paysages et vues spectaculaires tout au long du trajet. L\u2019une des particularit\u00e9s de cette ligne ferroviaire est son exploitation par deux entreprises de transports. Le c\u00f4t\u00e9 fran\u00e7ais, entre St-Gervais et Vallorcine est exploit\u00e9 par la SNCF TER Auvergne Rh\u00f4ne Alpes au travers de l\u2019Etablissement du Mont-Blanc et le c\u00f4t\u00e9 Suisse, entre Martigny et Ch\u00e2telard-Fronti\u00e8re, par les Transports de Martigny et R\u00e9gions, avec une portion en cr\u00e9maill\u00e8re \u00e0 20%.<\/p>\n\n\n\n<p class=\"wp-block-paragraph\">Ces deux entreprises ont \u00e0 c\u0153ur de promouvoir la mobilit\u00e9 durable de chaque c\u00f4t\u00e9 de la fronti\u00e8re en offrant des prestations de qualit\u00e9 \u00e0 leurs voyageurs.<\/p>\n\n\n\n<div style=\"height:50px\" aria-hidden=\"true\" class=\"wp-block-spacer\"><\/div>\n\n\n\n<div class=\"wp-block-group has-background\" style=\"background-color:#f8ecf8\"><div class=\"wp-block-group__inner-container is-layout-constrained wp-block-group-is-layout-constrained\">\n<p class=\"has-background wp-block-paragraph\" style=\"background-color:#f8ecf8\"><strong>Attention : <\/strong><br><em>Si vous venez de Suisse, r\u00e9servez votre train en m\u00eame temps que <a href=\"https:\/\/www.helloasso.com\/associations\/la-nuit-des-ours\/evenements\/edition-2023-evenements-artistiques-3-4-5-6-7-aout\" target=\"_blank\" rel=\"noreferrer noopener\">votre billet pour La Nuit des Ours<\/a>.<br>Si vous venez de France, munissez vous d&rsquo;un titre de transport valide.<\/em><br><br><strong><mark style=\"background-color:rgba(0, 0, 0, 0)\" class=\"has-inline-color has-accent-2-color\">HORAIRES DES TRAINS SUPPL\u00c9MENTAIRES :<\/mark><\/strong><\/p>\n\n\n\n<div class=\"wp-block-columns is-layout-flex wp-container-core-columns-is-layout-8f761849 wp-block-columns-is-layout-flex\">\n<div class=\"wp-block-column is-layout-flow wp-block-column-is-layout-flow\">\n<p class=\"has-background wp-block-paragraph\" style=\"background-color:#f8ecf8\"><strong><mark style=\"background-color:rgba(0, 0, 0, 0)\" class=\"has-inline-color has-accent-2-color\">Nuits du 04\/08 au 05\/08 et du 07\/08 au 08\/08<\/mark><\/strong><br><strong><mark style=\"background-color:rgba(0, 0, 0, 0)\" class=\"has-inline-color has-accent-2-color\">01h05<\/mark><\/strong> D\u00e9part du Buet vers Vallorcine, Vall\u00e9e du Trient et Martigny<br><strong><mark style=\"background-color:rgba(0, 0, 0, 0)\" class=\"has-inline-color has-accent-2-color\">01h20<\/mark><\/strong> D\u00e9part du Buet vers Chamonix et Les Houches<br>(tous arr\u00eats interm\u00e9diaires desservis)<\/p>\n<\/div>\n\n\n\n<div class=\"wp-block-column is-layout-flow wp-block-column-is-layout-flow\">\n<p class=\"has-background wp-block-paragraph\" style=\"background-color:#f8ecf8\"><strong><mark style=\"background-color:rgba(0, 0, 0, 0)\" class=\"has-inline-color has-accent-2-color\">Soir\u00e9e du 06\/08<\/mark><\/strong><br><strong><mark style=\"background-color:rgba(0, 0, 0, 0)\" class=\"has-inline-color has-accent-2-color\">22h30<\/mark><\/strong> D\u00e9part du Buet vers Vallorcine<br><strong><mark style=\"background-color:rgba(0, 0, 0, 0)\" class=\"has-inline-color has-accent-2-color\">22h45<\/mark><\/strong> D\u00e9part du Buet vers Chamonix et Les Houches<br>(tous arr\u00eats interm\u00e9diaires desservis)<\/p>\n<\/div>\n<\/div>\n<\/div><\/div>\n","protected":false},"excerpt":{"rendered":"<p>Comment se rendre \u00e0 la Nuit des Ours ? UTILISEZ LE MONT-BLANC EXPRESS !Allers\/retours possibles depuis (et vers) Les Houches et Martigny(via les vall\u00e9es de &hellip;<\/p>\n","protected":false},"author":1,"featured_media":105,"parent":0,"menu_order":0,"comment_status":"closed","ping_status":"closed","template":"","meta":{"footnotes":""},"class_list":["post-2541","page","type-page","status-publish","has-post-thumbnail","hentry"],"yoast_head":"<!-- This site is optimized with the Yoast SEO plugin v28.3 - https:\/\/yoast.com\/product\/yoast-seo-wordpress\/ -->\n<title>Venez avec le Mont-Blanc Express ! - La Nuit des Ours Edition 2023<\/title>\n<meta name=\"description\" content=\"La ligne du Mont-Blanc Express propose des trains supple\u0301mentaires afin de vous garantir un acce\u0300s et un retour en toute se\u0301re\u0301nite\u0301.\" \/>\n<meta name=\"robots\" content=\"index, follow, max-snippet:-1, max-image-preview:large, max-video-preview:-1\" \/>\n<link rel=\"canonical\" href=\"https:\/\/lanuitdesours.lautre.net\/?page_id=2541\" \/>\n<meta property=\"og:locale\" content=\"fr_FR\" \/>\n<meta property=\"og:type\" content=\"article\" \/>\n<meta property=\"og:title\" content=\"Venez avec le Mont-Blanc Express ! - La Nuit des Ours Edition 2023\" \/>\n<meta property=\"og:description\" content=\"La ligne du Mont-Blanc Express propose des trains supple\u0301mentaires afin de vous garantir un acce\u0300s et un retour en toute se\u0301re\u0301nite\u0301.\" \/>\n<meta property=\"og:url\" content=\"https:\/\/lanuitdesours.lautre.net\/?page_id=2541\" \/>\n<meta property=\"og:site_name\" content=\"La Nuit des Ours\" \/>\n<meta property=\"article:publisher\" content=\"https:\/\/www.facebook.com\/lanuitdesours\/\" \/>\n<meta property=\"article:modified_time\" content=\"2023-07-20T01:53:34+00:00\" \/>\n<meta property=\"og:image\" content=\"https:\/\/lanuitdesours.lautre.net\/wp-content\/uploads\/2022\/07\/20200804_103440.jpg\" \/>\n\t<meta property=\"og:image:width\" content=\"2560\" \/>\n\t<meta property=\"og:image:height\" content=\"1440\" \/>\n\t<meta property=\"og:image:type\" content=\"image\/jpeg\" \/>\n<meta name=\"twitter:card\" content=\"summary_large_image\" \/>\n<meta name=\"twitter:label1\" content=\"Dur\u00e9e de lecture estim\u00e9e\" \/>\n\t<meta name=\"twitter:data1\" content=\"2 minutes\" \/>\n<script type=\"application\/ld+json\" class=\"yoast-schema-graph\">{\"@context\":\"https:\\\/\\\/schema.org\",\"@graph\":[{\"@type\":\"WebPage\",\"@id\":\"https:\\\/\\\/lanuitdesours.lautre.net\\\/?page_id=2541\",\"url\":\"https:\\\/\\\/lanuitdesours.lautre.net\\\/?page_id=2541\",\"name\":\"Venez avec le Mont-Blanc Express ! - La Nuit des Ours Edition 2023\",\"isPartOf\":{\"@id\":\"https:\\\/\\\/lanuitdesours.lautre.net\\\/#website\"},\"primaryImageOfPage\":{\"@id\":\"https:\\\/\\\/lanuitdesours.lautre.net\\\/?page_id=2541#primaryimage\"},\"image\":{\"@id\":\"https:\\\/\\\/lanuitdesours.lautre.net\\\/?page_id=2541#primaryimage\"},\"thumbnailUrl\":\"https:\\\/\\\/lanuitdesours.lautre.net\\\/wp-content\\\/uploads\\\/2022\\\/07\\\/20200804_103440.jpg\",\"datePublished\":\"2023-07-19T22:59:20+00:00\",\"dateModified\":\"2023-07-20T01:53:34+00:00\",\"description\":\"La ligne du Mont-Blanc Express propose des trains supple\u0301mentaires afin de vous garantir un acce\u0300s et un retour en toute se\u0301re\u0301nite\u0301.\",\"breadcrumb\":{\"@id\":\"https:\\\/\\\/lanuitdesours.lautre.net\\\/?page_id=2541#breadcrumb\"},\"inLanguage\":\"fr-FR\",\"potentialAction\":[{\"@type\":\"ReadAction\",\"target\":[\"https:\\\/\\\/lanuitdesours.lautre.net\\\/?page_id=2541\"]}]},{\"@type\":\"ImageObject\",\"inLanguage\":\"fr-FR\",\"@id\":\"https:\\\/\\\/lanuitdesours.lautre.net\\\/?page_id=2541#primaryimage\",\"url\":\"https:\\\/\\\/lanuitdesours.lautre.net\\\/wp-content\\\/uploads\\\/2022\\\/07\\\/20200804_103440.jpg\",\"contentUrl\":\"https:\\\/\\\/lanuitdesours.lautre.net\\\/wp-content\\\/uploads\\\/2022\\\/07\\\/20200804_103440.jpg\",\"width\":2560,\"height\":1440,\"caption\":\"\u00a9 Yumi C\u00e9lia\"},{\"@type\":\"BreadcrumbList\",\"@id\":\"https:\\\/\\\/lanuitdesours.lautre.net\\\/?page_id=2541#breadcrumb\",\"itemListElement\":[{\"@type\":\"ListItem\",\"position\":1,\"name\":\"Accueil\",\"item\":\"https:\\\/\\\/lanuitdesours.lautre.net\\\/\"},{\"@type\":\"ListItem\",\"position\":2,\"name\":\"Venez avec le Mont-Blanc Express !\"}]},{\"@type\":\"WebSite\",\"@id\":\"https:\\\/\\\/lanuitdesours.lautre.net\\\/#website\",\"url\":\"https:\\\/\\\/lanuitdesours.lautre.net\\\/\",\"name\":\"La Nuit des Ours\",\"description\":\"CR\u00c9ER C&#039;EST R\u00c9SISTER | R\u00c9SISTER C&#039;EST CR\u00c9ER\",\"publisher\":{\"@id\":\"https:\\\/\\\/lanuitdesours.lautre.net\\\/#organization\"},\"potentialAction\":[{\"@type\":\"SearchAction\",\"target\":{\"@type\":\"EntryPoint\",\"urlTemplate\":\"https:\\\/\\\/lanuitdesours.lautre.net\\\/?s={search_term_string}\"},\"query-input\":{\"@type\":\"PropertyValueSpecification\",\"valueRequired\":true,\"valueName\":\"search_term_string\"}}],\"inLanguage\":\"fr-FR\"},{\"@type\":\"Organization\",\"@id\":\"https:\\\/\\\/lanuitdesours.lautre.net\\\/#organization\",\"name\":\"Association LA NUIT DES OURS\",\"url\":\"https:\\\/\\\/lanuitdesours.lautre.net\\\/\",\"logo\":{\"@type\":\"ImageObject\",\"inLanguage\":\"fr-FR\",\"@id\":\"https:\\\/\\\/lanuitdesours.lautre.net\\\/#\\\/schema\\\/logo\\\/image\\\/\",\"url\":\"https:\\\/\\\/nuit-des-ours.com\\\/wp-content\\\/uploads\\\/2022\\\/07\\\/cropped-NDO_logo-noir_jaune.jpg\",\"contentUrl\":\"https:\\\/\\\/nuit-des-ours.com\\\/wp-content\\\/uploads\\\/2022\\\/07\\\/cropped-NDO_logo-noir_jaune.jpg\",\"width\":512,\"height\":512,\"caption\":\"Association LA NUIT DES OURS\"},\"image\":{\"@id\":\"https:\\\/\\\/lanuitdesours.lautre.net\\\/#\\\/schema\\\/logo\\\/image\\\/\"},\"sameAs\":[\"https:\\\/\\\/www.facebook.com\\\/lanuitdesours\\\/\",\"https:\\\/\\\/www.instagram.com\\\/lanuitdesours\\\/\"]}]}<\/script>\n<!-- \/ Yoast SEO plugin. -->","yoast_head_json":{"title":"Venez avec le Mont-Blanc Express ! - La Nuit des Ours Edition 2023","description":"La ligne du Mont-Blanc Express propose des trains supple\u0301mentaires afin de vous garantir un acce\u0300s et un retour en toute se\u0301re\u0301nite\u0301.","robots":{"index":"index","follow":"follow","max-snippet":"max-snippet:-1","max-image-preview":"max-image-preview:large","max-video-preview":"max-video-preview:-1"},"canonical":"https:\/\/lanuitdesours.lautre.net\/?page_id=2541","og_locale":"fr_FR","og_type":"article","og_title":"Venez avec le Mont-Blanc Express ! - La Nuit des Ours Edition 2023","og_description":"La ligne du Mont-Blanc Express propose des trains supple\u0301mentaires afin de vous garantir un acce\u0300s et un retour en toute se\u0301re\u0301nite\u0301.","og_url":"https:\/\/lanuitdesours.lautre.net\/?page_id=2541","og_site_name":"La Nuit des Ours","article_publisher":"https:\/\/www.facebook.com\/lanuitdesours\/","article_modified_time":"2023-07-20T01:53:34+00:00","og_image":[{"width":2560,"height":1440,"url":"https:\/\/lanuitdesours.lautre.net\/wp-content\/uploads\/2022\/07\/20200804_103440.jpg","type":"image\/jpeg"}],"twitter_card":"summary_large_image","twitter_misc":{"Dur\u00e9e de lecture estim\u00e9e":"2 minutes"},"schema":{"@context":"https:\/\/schema.org","@graph":[{"@type":"WebPage","@id":"https:\/\/lanuitdesours.lautre.net\/?page_id=2541","url":"https:\/\/lanuitdesours.lautre.net\/?page_id=2541","name":"Venez avec le Mont-Blanc Express ! - La Nuit des Ours Edition 2023","isPartOf":{"@id":"https:\/\/lanuitdesours.lautre.net\/#website"},"primaryImageOfPage":{"@id":"https:\/\/lanuitdesours.lautre.net\/?page_id=2541#primaryimage"},"image":{"@id":"https:\/\/lanuitdesours.lautre.net\/?page_id=2541#primaryimage"},"thumbnailUrl":"https:\/\/lanuitdesours.lautre.net\/wp-content\/uploads\/2022\/07\/20200804_103440.jpg","datePublished":"2023-07-19T22:59:20+00:00","dateModified":"2023-07-20T01:53:34+00:00","description":"La ligne du Mont-Blanc Express propose des trains supple\u0301mentaires afin de vous garantir un acce\u0300s et un retour en toute se\u0301re\u0301nite\u0301.","breadcrumb":{"@id":"https:\/\/lanuitdesours.lautre.net\/?page_id=2541#breadcrumb"},"inLanguage":"fr-FR","potentialAction":[{"@type":"ReadAction","target":["https:\/\/lanuitdesours.lautre.net\/?page_id=2541"]}]},{"@type":"ImageObject","inLanguage":"fr-FR","@id":"https:\/\/lanuitdesours.lautre.net\/?page_id=2541#primaryimage","url":"https:\/\/lanuitdesours.lautre.net\/wp-content\/uploads\/2022\/07\/20200804_103440.jpg","contentUrl":"https:\/\/lanuitdesours.lautre.net\/wp-content\/uploads\/2022\/07\/20200804_103440.jpg","width":2560,"height":1440,"caption":"\u00a9 Yumi C\u00e9lia"},{"@type":"BreadcrumbList","@id":"https:\/\/lanuitdesours.lautre.net\/?page_id=2541#breadcrumb","itemListElement":[{"@type":"ListItem","position":1,"name":"Accueil","item":"https:\/\/lanuitdesours.lautre.net\/"},{"@type":"ListItem","position":2,"name":"Venez avec le Mont-Blanc Express !"}]},{"@type":"WebSite","@id":"https:\/\/lanuitdesours.lautre.net\/#website","url":"https:\/\/lanuitdesours.lautre.net\/","name":"La Nuit des Ours","description":"CR\u00c9ER C&#039;EST R\u00c9SISTER | R\u00c9SISTER C&#039;EST CR\u00c9ER","publisher":{"@id":"https:\/\/lanuitdesours.lautre.net\/#organization"},"potentialAction":[{"@type":"SearchAction","target":{"@type":"EntryPoint","urlTemplate":"https:\/\/lanuitdesours.lautre.net\/?s={search_term_string}"},"query-input":{"@type":"PropertyValueSpecification","valueRequired":true,"valueName":"search_term_string"}}],"inLanguage":"fr-FR"},{"@type":"Organization","@id":"https:\/\/lanuitdesours.lautre.net\/#organization","name":"Association LA NUIT DES OURS","url":"https:\/\/lanuitdesours.lautre.net\/","logo":{"@type":"ImageObject","inLanguage":"fr-FR","@id":"https:\/\/lanuitdesours.lautre.net\/#\/schema\/logo\/image\/","url":"https:\/\/nuit-des-ours.com\/wp-content\/uploads\/2022\/07\/cropped-NDO_logo-noir_jaune.jpg","contentUrl":"https:\/\/nuit-des-ours.com\/wp-content\/uploads\/2022\/07\/cropped-NDO_logo-noir_jaune.jpg","width":512,"height":512,"caption":"Association LA NUIT DES OURS"},"image":{"@id":"https:\/\/lanuitdesours.lautre.net\/#\/schema\/logo\/image\/"},"sameAs":["https:\/\/www.facebook.com\/lanuitdesours\/","https:\/\/www.instagram.com\/lanuitdesours\/"]}]}},"_links":{"self":[{"href":"https:\/\/lanuitdesours.lautre.net\/index.php?rest_route=\/wp\/v2\/pages\/2541","targetHints":{"allow":["GET"]}}],"collection":[{"href":"https:\/\/lanuitdesours.lautre.net\/index.php?rest_route=\/wp\/v2\/pages"}],"about":[{"href":"https:\/\/lanuitdesours.lautre.net\/index.php?rest_route=\/wp\/v2\/types\/page"}],"author":[{"embeddable":true,"href":"https:\/\/lanuitdesours.lautre.net\/index.php?rest_route=\/wp\/v2\/users\/1"}],"replies":[{"embeddable":true,"href":"https:\/\/lanuitdesours.lautre.net\/index.php?rest_route=%2Fwp%2Fv2%2Fcomments&post=2541"}],"version-history":[{"count":15,"href":"https:\/\/lanuitdesours.lautre.net\/index.php?rest_route=\/wp\/v2\/pages\/2541\/revisions"}],"predecessor-version":[{"id":2611,"href":"https:\/\/lanuitdesours.lautre.net\/index.php?rest_route=\/wp\/v2\/pages\/2541\/revisions\/2611"}],"wp:featuredmedia":[{"embeddable":true,"href":"https:\/\/lanuitdesours.lautre.net\/index.php?rest_route=\/wp\/v2\/media\/105"}],"wp:attachment":[{"href":"https:\/\/lanuitdesours.lautre.net\/index.php?rest_route=%2Fwp%2Fv2%2Fmedia&parent=2541"}],"curies":[{"name":"wp","href":"https:\/\/api.w.org\/{rel}","templated":true}]}}